{"id":2284,"date":"2024-07-22T23:31:25","date_gmt":"2024-07-22T21:31:25","guid":{"rendered":"https:\/\/thebrothers.de\/wp\/?post_type=tribe_events&#038;p=2284"},"modified":"2024-07-22T23:37:59","modified_gmt":"2024-07-22T21:37:59","slug":"auf-die-naechsten-40","status":"publish","type":"tribe_events","link":"https:\/\/thebrothers.de\/wp\/event\/auf-die-naechsten-40\/","title":{"rendered":"Auf die n\u00e4chsten 40!"},"content":{"rendered":"<div  class=\"tribe-events-schedule tribe-clearfix\" >\n\t<p class=\"tribe-events-schedule__datetime\">\n\t\t<span class=\"tribe-events-schedule__date tribe-events-schedule__date--start\">\n\t\t\t28 Juli 2024\t\t<\/span>\n\n\t\t\t\t\t<span class=\"tribe-events-schedule__separator tribe-events-schedule__separator--date\">\n\t\t\t\t @ \t\t\t<\/span>\n\t\t\t<span class=\"tribe-events-schedule__time tribe-events-schedule__time--start\">\n\t\t\t\t19:30\t\t\t<\/span>\n\t\t\n\t\t\t\t\t\t\t\t\t<span class=\"tribe-events-schedule__separator tribe-events-schedule__separator--time\">\n\t\t\t\t\t &#8211; \t\t\t\t<\/span>\n\t\t\t\n\t\t\t\t\t\t\t<span class=\"tribe-events-schedule__time tribe-events-schedule__time--end\">\n\t\t\t\t\t22:30\t\t\t\t<\/span>\n\t\t\t\n\t\t\t\t\t\t<\/p>\n<\/div>\n\n\n\n<figure class=\"wp-block-image size-full\"><img data-recalc-dims=\"1\" loading=\"lazy\" decoding=\"async\" width=\"1000\" height=\"660\" data-attachment-id=\"2292\" data-permalink=\"https:\/\/thebrothers.de\/wp\/event\/auf-die-naechsten-40\/jubilaeumsabend-2024_freiburger-musiker_web\/\" data-orig-file=\"https:\/\/i0.wp.com\/thebrothers.de\/wp\/wp-content\/uploads\/2024\/07\/Jubilaeumsabend-2024_Freiburger-Musiker_web.png?fit=1000%2C660&amp;ssl=1\" data-orig-size=\"1000,660\" data-comments-opened=\"1\" data-image-meta=\"{&quot;aperture&quot;:&quot;0&quot;,&quot;credit&quot;:&quot;&quot;,&quot;camera&quot;:&quot;&quot;,&quot;caption&quot;:&quot;&quot;,&quot;created_timestamp&quot;:&quot;0&quot;,&quot;copyright&quot;:&quot;&quot;,&quot;focal_length&quot;:&quot;0&quot;,&quot;iso&quot;:&quot;0&quot;,&quot;shutter_speed&quot;:&quot;0&quot;,&quot;title&quot;:&quot;&quot;,&quot;orientation&quot;:&quot;0&quot;}\" data-image-title=\"Jubilaeumsabend-2024_Freiburger-Musiker_web\" data-image-description=\"\" data-image-caption=\"\" data-large-file=\"https:\/\/i0.wp.com\/thebrothers.de\/wp\/wp-content\/uploads\/2024\/07\/Jubilaeumsabend-2024_Freiburger-Musiker_web.png?fit=1000%2C660&amp;ssl=1\" src=\"https:\/\/i0.wp.com\/thebrothers.de\/wp\/wp-content\/uploads\/2024\/07\/Jubilaeumsabend-2024_Freiburger-Musiker_web.png?resize=1000%2C660&#038;ssl=1\" alt=\"\" class=\"wp-image-2292\" srcset=\"https:\/\/i0.wp.com\/thebrothers.de\/wp\/wp-content\/uploads\/2024\/07\/Jubilaeumsabend-2024_Freiburger-Musiker_web.png?w=1000&amp;ssl=1 1000w, https:\/\/i0.wp.com\/thebrothers.de\/wp\/wp-content\/uploads\/2024\/07\/Jubilaeumsabend-2024_Freiburger-Musiker_web.png?resize=300%2C198&amp;ssl=1 300w, https:\/\/i0.wp.com\/thebrothers.de\/wp\/wp-content\/uploads\/2024\/07\/Jubilaeumsabend-2024_Freiburger-Musiker_web.png?resize=768%2C507&amp;ssl=1 768w, https:\/\/i0.wp.com\/thebrothers.de\/wp\/wp-content\/uploads\/2024\/07\/Jubilaeumsabend-2024_Freiburger-Musiker_web.png?resize=230%2C152&amp;ssl=1 230w, https:\/\/i0.wp.com\/thebrothers.de\/wp\/wp-content\/uploads\/2024\/07\/Jubilaeumsabend-2024_Freiburger-Musiker_web.png?resize=350%2C231&amp;ssl=1 350w, https:\/\/i0.wp.com\/thebrothers.de\/wp\/wp-content\/uploads\/2024\/07\/Jubilaeumsabend-2024_Freiburger-Musiker_web.png?resize=480%2C317&amp;ssl=1 480w\" sizes=\"auto, (max-width: 1000px) 100vw, 1000px\" \/><\/figure>\n\n\n\n<p class=\"has-small-font-size\">Freiburger Bands gratulieren dem ZMF<br><br>2024 ist ein besonderes Jahr f\u00fcr das ZMF und anl\u00e4sslich dessen werden am Sonntag, den&nbsp;<strong>28. Juli<\/strong>, einige Freiburger Bands und K\u00fcnstler:innen dem Festival zum 40. Geburtstag ihre Ehre erweisen und einen stimmungsvollen Abend f\u00fcr die Besucher:innen zum Besten geben.<\/p>\n\n\n\n<p class=\"has-small-font-size\">So wird Freiburgs First Lady des Jazz,&nbsp;<strong>C\u00e9cile Verny<\/strong>&nbsp;(ZMF-Preis 1995), St\u00fccke aus ihrem zweiten Projekt \u201eMein Liedgut\u201c pr\u00e4sentieren, das sie mit dem Gitarristen&nbsp;<strong>Johannes Maikranz<\/strong>&nbsp;(ZMF-Preis 2018) erarbeitet hat. Die aufstrebende Liedermacherin&nbsp;<strong>Laura Braun<\/strong>&nbsp;nimmt am Fl\u00fcgel Platz und f\u00fcllt mit ihren eindringlichen Songs jeden Winkel unterm Zeltdach.&nbsp;<strong>Sascha Bendiks<\/strong>, spitzz\u00fcngiger Songpoet mit rauer Schale und zartem Kern, erz\u00e4hlt, singt, schreit und rotzt seine Geschichten.&nbsp;<strong>Unduzo&nbsp;<\/strong>(mit Julian Kn\u00f6rzer, ZMF-Preis 2007), renommierter A-cappella-Export aus Freiburg, freut sich auf ein Heimspiel.<\/p>\n\n\n\n<p class=\"has-small-font-size\">Und schlie\u00dflich&nbsp;<strong>The Brothers<\/strong>&nbsp;(ZMF-Preis 1992), die dieses Jahr ihr 45. B\u00fchnenjubil\u00e4um feiern und die an diesem Abend Ausz\u00fcge aus ihrem recht \u00fcppigen Repertoire eigener und fremder Songs, zum Teil mit G\u00e4sten spielen werden. (Mit dabei z.B.&nbsp;<strong>Ahmed Abdelali<\/strong>&nbsp;an der Oud.)<br>Zum gro\u00dfen Finale wird es dann rockig, wenn&nbsp;<strong>Oli Meier<\/strong>&nbsp;zusammen mit den Br\u00fcdern&nbsp;<strong>Fireworks of Rock<\/strong>&nbsp;\u201ez\u00fcndet\u201c \u2013 melodi\u00f6se und gesanglich anspruchsvolle Rock-Klassiker der 70er \u00e0 la Purple, Boston, Foreigner oder Queen.<\/p>\n\n\n<div  class=\"tribe-block tribe-block__event-price\" >\n\t\t<\/div>\n\n\n<div  class=\"tribe-block tribe-block__organizer__details tribe-clearfix\" >\n\t<div class=\"tribe-block__organizer__title\">\n\t\t<h3>Zeltmusikfestival<\/h3>\n\t<\/div>\n\t\t\t<\/div>\n\n\n<div  class=\"tribe-block tribe-block__venue tribe-clearfix tribe-block__venue--has-map\" >\n\t\n\t\n<div class=\"tribe-block__venue__meta\">\n\t<div class=\"tribe-block__venue__name\">\n\t\t<h3>Zirkuszelt<\/h3>\n\t<\/div>\n\n\t\n\t\t\t\t\t\t<address class=\"tribe-block__venue__address\">\n\t\t\t\t<span class=\"tribe-address\">\n\n\n\t<span class=\"tribe-locality\">Freiburg<\/span><span class=\"tribe-delimiter\">,<\/span>\n\n\n\n\n<\/span>\n\n\t\t\t\t\t\t\t\t\t<a class=\"tribe-events-gmap\" href=\"https:\/\/maps.google.com\/maps?f=q&#038;source=s_q&#038;hl=en&#038;geocode=&#038;q=Freiburg\" title=\"Klicken, um Google Karte anzuzeigen\" target=\"_blank\" rel=\"noreferrer noopener\">Google Karte anzeigen<\/a>\t\t\t\t\t\t\t<\/address>\n\t\t\n\t\t\n\t\t\t\n\t<\/div>\n\t\n<div class=\"tribe-block__venue__map\">\n\t\n<iframe loading=\"lazy\"\n  title=\"Iframe von Google Maps, der die Adresse von Zirkuszelt anzeigt\"\n  aria-label=\"Karte des Veranstaltungsortes\"\n  width=\"310px\"\n  height=\"256px\"\n  frameborder=\"0\" style=\"border:0\"\n  src=\"https:\/\/www.google.com\/maps\/embed\/v1\/place?key=AIzaSyDNsicAsP6-VuGtAb1O9riI3oc_NOb7IOU&#038;q=Freiburg+&#038;zoom=10\" allowfullscreen>\n<\/iframe>\n<\/div>\n\n\t<\/div>\n\n\n<div  class=\"tribe-block tribe-block__event-website\" >\n\t<a\n\t\thref=\"https:\/\/zmf.de\/shows\/auf-die-nachsten-40\/\"\n\t\ttarget=\"_self\"\n\t\t\t>\n\t\tZMF-Webseite\t<\/a>\n<\/div>\n\n\n\t<div  class=\"tribe-block tribe-block__events-link\" >\n\t\t<div class=\"tribe-events tribe-common\">\n\t\t\t<div class=\"tribe-events-c-subscribe-dropdown__container\">\n\t\t\t\t<div class=\"tribe-events-c-subscribe-dropdown\">\n\t\t\t\t\t<div class=\"tribe-common-c-btn-border tribe-events-c-subscribe-dropdown__button\">\n\t\t\t\t\t\t<svg\n\t class=\"tribe-common-c-svgicon tribe-common-c-svgicon--cal-export tribe-events-c-subscribe-dropdown__export-icon\" \taria-hidden=\"true\"\n\tviewBox=\"0 0 23 17\"\n\txmlns=\"http:\/\/www.w3.org\/2000\/svg\"\n>\n\t<path fill-rule=\"evenodd\" clip-rule=\"evenodd\" d=\"M.128.896V16.13c0 .211.145.383.323.383h15.354c.179 0 .323-.172.323-.383V.896c0-.212-.144-.383-.323-.383H.451C.273.513.128.684.128.896Zm16 6.742h-.901V4.679H1.009v10.729h14.218v-3.336h.901V7.638ZM1.01 1.614h14.218v2.058H1.009V1.614Z\" \/>\n\t<path d=\"M20.5 9.846H8.312M18.524 6.953l2.89 2.909-2.855 2.855\" stroke-width=\"1.2\" stroke-linecap=\"round\" stroke-linejoin=\"round\"\/>\n<\/svg>\n\t\t\t\t\t\t<button\n\t\t\t\t\t\t\tclass=\"tribe-events-c-subscribe-dropdown__button-text\"\n\t\t\t\t\t\t\taria-expanded=\"false\"\n\t\t\t\t\t\t\taria-controls=\"tribe-events-subscribe-dropdown-content\"\n\t\t\t\t\t\t\taria-label=\"Zeige Links an um Veranstaltungen zu deinem Kalender hinzuzuf\u00fcgen\"\n\t\t\t\t\t\t>\n\t\t\t\t\t\t\tZum Kalender hinzuf\u00fcgen\t\t\t\t\t\t<\/button>\n\t\t\t\t\t\t<svg\n\t class=\"tribe-common-c-svgicon tribe-common-c-svgicon--caret-down tribe-events-c-subscribe-dropdown__button-icon\" \taria-hidden=\"true\"\n\tviewBox=\"0 0 10 7\"\n\txmlns=\"http:\/\/www.w3.org\/2000\/svg\"\n>\n\t<path fill-rule=\"evenodd\" clip-rule=\"evenodd\" d=\"M1.008.609L5 4.6 8.992.61l.958.958L5 6.517.05 1.566l.958-.958z\" class=\"tribe-common-c-svgicon__svg-fill\"\/>\n<\/svg>\n\t\t\t\t\t<\/div>\n\t\t\t\t\t<div id=\"tribe-events-subscribe-dropdown-content\" class=\"tribe-events-c-subscribe-dropdown__content\">\n\t\t\t\t\t\t<ul class=\"tribe-events-c-subscribe-dropdown__list\">\n\t\t\t\t\t\t\t\t\t\t\t\t\t\t\t<li class=\"tribe-events-c-subscribe-dropdown__list-item tribe-events-c-subscribe-dropdown__list-item--gcal\">\n\t\t\t\t\t\t\t\t\t<a\n\t\t\t\t\t\t\t\t\t\thref=\"https:\/\/www.google.com\/calendar\/event?action=TEMPLATE&#038;dates=20240728T193000\/20240728T223000&#038;text=Auf%20die%20n%C3%A4chsten%2040%21&#038;details=%3Cfigure+class%3D%22wp-block-image+size-full%22%3E%3Cimg+src%3D%22https%3A%2F%2Fthebrothers.de%2Fwp%2Fwp-content%2Fuploads%2F2024%2F07%2FJubilaeumsabend-2024_Freiburger-Musiker_web.png%22+alt%3D%22%22+class%3D%22wp-image-2292%22%2F%3E%3C%2Ffigure%3E%3Cp+class%3D%22has-small-font-size%22%3EFreiburger+Bands+gratulieren+dem+ZMF%3Cbr+%2F%3E%3Cbr+%2F%3E2024+ist+ein+besonderes+Jahr+f%C3%BCr+das+ZMF+und+anl%C3%A4sslich+dessen+werden+am+Sonntag%2C+den%26nbsp%3B%3Cstrong%3E28.+Juli%3C%2Fstrong%3E%2C+einige+Freiburger+Bands+und+K%C3%BCnstler%3Ainnen+dem+Festival+zum+40.+Geburtstag+ihre+Ehre+erweisen+und+einen+stimmungsvollen+Abend+f%C3%BCr+die+Besucher%3Ainnen+zum+Besten+geben.%3C%2Fp%3E+%3Cp+class%3D%22has-small-font-size%22%3ESo+wird+Freiburgs+First+Lady+des+Jazz%2C%26nbsp%3B%3Cstrong%3EC%C3%A9cile+Verny%3C%2Fstrong%3E%26nbsp%3B%28ZMF-Preis+1995%29%2C+St%C3%BCcke+aus+ihrem+zweiten+Projekt+%E2%80%9EMein+Liedgut%E2%80%9C+pr%C3%A4sentieren%2C+das+sie+mit+dem+Gitarristen%26nbsp%3B%3Cstrong%3EJohannes+Maikranz%3C%2Fstrong%3E%26nbsp%3B%28ZMF-Preis+2018%29+erarbeitet+hat.+Die+aufstrebende+Liedermacherin%26nbsp%3B%3Cstrong%3ELaura+Braun%3C%2Fstrong%3E%26nbsp%3Bnimmt+am+Fl%C3%BCgel+Platz+und+f%C3%BCllt+mit+ihren+eindrin%3C%2Fp%3E+%28Zeige+vollst%C3%A4ndige+Veranstaltung-Beschreibung+hier+an%3A+https%3A%2F%2Fthebrothers.de%2Fwp%2Fevent%2Fauf-die-naechsten-40%2F%29&#038;location=Zirkuszelt,%20Freiburg&#038;trp=false&#038;ctz=Europe\/Berlin&#038;sprop=website:https:\/\/thebrothers.de\/wp\"\n\t\t\t\t\t\t\t\t\t\tclass=\"tribe-events-c-subscribe-dropdown__list-item-link\"\n\t\t\t\t\t\t\t\t\t\ttarget=\"_blank\"\n\t\t\t\t\t\t\t\t\t\trel=\"noopener noreferrer nofollow noindex\"\n\t\t\t\t\t\t\t\t\t>\n\t\t\t\t\t\t\t\t\t\tGoogle Kalender\t\t\t\t\t\t\t\t\t<\/a>\n\t\t\t\t\t\t\t\t<\/li>\n\t\t\t\t\t\t\t\t\t\t\t\t\t\t\t<li class=\"tribe-events-c-subscribe-dropdown__list-item tribe-events-c-subscribe-dropdown__list-item--ical\">\n\t\t\t\t\t\t\t\t\t<a\n\t\t\t\t\t\t\t\t\t\thref=\"\"\n\t\t\t\t\t\t\t\t\t\tclass=\"tribe-events-c-subscribe-dropdown__list-item-link\"\n\t\t\t\t\t\t\t\t\t\ttarget=\"_blank\"\n\t\t\t\t\t\t\t\t\t\trel=\"noopener noreferrer nofollow noindex\"\n\t\t\t\t\t\t\t\t\t>\n\t\t\t\t\t\t\t\t\t\tiCalendar\t\t\t\t\t\t\t\t\t<\/a>\n\t\t\t\t\t\t\t\t<\/li>\n\t\t\t\t\t\t\t\t\t\t\t\t\t\t\t<li class=\"tribe-events-c-subscribe-dropdown__list-item tribe-events-c-subscribe-dropdown__list-item--outlook-365\">\n\t\t\t\t\t\t\t\t\t<a\n\t\t\t\t\t\t\t\t\t\thref=\"\"\n\t\t\t\t\t\t\t\t\t\tclass=\"tribe-events-c-subscribe-dropdown__list-item-link\"\n\t\t\t\t\t\t\t\t\t\ttarget=\"_blank\"\n\t\t\t\t\t\t\t\t\t\trel=\"noopener noreferrer nofollow noindex\"\n\t\t\t\t\t\t\t\t\t>\n\t\t\t\t\t\t\t\t\t\tOutlook 365\t\t\t\t\t\t\t\t\t<\/a>\n\t\t\t\t\t\t\t\t<\/li>\n\t\t\t\t\t\t\t\t\t\t\t\t\t\t\t<li class=\"tribe-events-c-subscribe-dropdown__list-item tribe-events-c-subscribe-dropdown__list-item--outlook-live\">\n\t\t\t\t\t\t\t\t\t<a\n\t\t\t\t\t\t\t\t\t\thref=\"\"\n\t\t\t\t\t\t\t\t\t\tclass=\"tribe-events-c-subscribe-dropdown__list-item-link\"\n\t\t\t\t\t\t\t\t\t\ttarget=\"_blank\"\n\t\t\t\t\t\t\t\t\t\trel=\"noopener noreferrer nofollow noindex\"\n\t\t\t\t\t\t\t\t\t>\n\t\t\t\t\t\t\t\t\t\tOutlook Live\t\t\t\t\t\t\t\t\t<\/a>\n\t\t\t\t\t\t\t\t<\/li>\n\t\t\t\t\t\t\t\t\t\t\t\t\t<\/ul>\n\t\t\t\t\t<\/div>\n\t\t\t\t<\/div>\n\t\t\t<\/div>\n\t\t<\/div>\n\t<\/div>\n\n","protected":false},"excerpt":{"rendered":"<p>Freiburger Bands gratulieren dem ZMF 2024 ist ein besonderes Jahr f\u00fcr das ZMF und anl\u00e4sslich dessen werden am Sonntag, den&nbsp;28. Juli, einige Freiburger Bands und K\u00fcnstler:innen dem Festival zum 40. [&hellip;]<\/p>\n","protected":false},"author":1,"featured_media":2292,"comment_status":"open","ping_status":"closed","template":"","meta":{"_EventAllDay":false,"_EventTimezone":"Europe\/Berlin","_EventStartDate":"2024-07-28 19:30:00","_EventEndDate":"2024-07-28 22:30:00","_EventStartDateUTC":"2024-07-28 17:30:00","_EventEndDateUTC":"2024-07-28 20:30:00","_EventShowMap":false,"_EventShowMapLink":false,"_EventURL":"https:\/\/zmf.de\/shows\/auf-die-nachsten-40\/","_EventCost":"","_EventCostDescription":"","_EventCurrencySymbol":"\u20ac","_EventCurrencyCode":"EUR","_EventCurrencyPosition":"prefix","_EventDateTimeSeparator":" @ ","_EventTimeRangeSeparator":" - ","_EventOrganizerID":[],"_EventVenueID":[2287],"_OrganizerEmail":"","_OrganizerPhone":"","_OrganizerWebsite":"","_VenueAddress":"","_VenueCity":"","_VenueCountry":"","_VenueProvince":"","_VenueState":"","_VenueZip":"","_VenuePhone":"","_VenueURL":"","_VenueStateProvince":"","_VenueLat":"","_VenueLng":"","_VenueShowMap":false,"_VenueShowMapLink":false,"_tribe_events_status":"","_tribe_events_status_reason":"","footnotes":""},"tags":[29,30,177,37,173,50,51,55,67,174,69,79,80,175,92,176,100],"tribe_events_cat":[101,114,138],"class_list":["post-2284","tribe_events","type-tribe_events","status-publish","has-post-thumbnail","hentry","tag-acoustic-fun-orchestra","tag-afo","tag-ahmed-abdelali","tag-brothers","tag-cecile-verny-2","tag-fireworks","tag-fireworks-of-rock","tag-freiburg","tag-konzert","tag-laura-braunn","tag-live","tag-oli-meier","tag-on-tour","tag-scha-bendiks","tag-the-brothers","tag-unduzo","tag-zmf","tribe_events_cat-acoustic-fun-orchestra","tribe_events_cat-fireworks-of-rock","tribe_events_cat-the-brothers","cat_acoustic-fun-orchestra","cat_fireworks-of-rock","cat_the-brothers"],"jetpack_sharing_enabled":true,"jetpack_likes_enabled":true,"_links":{"self":[{"href":"https:\/\/thebrothers.de\/wp\/wp-json\/wp\/v2\/tribe_events\/2284","targetHints":{"allow":["GET"]}}],"collection":[{"href":"https:\/\/thebrothers.de\/wp\/wp-json\/wp\/v2\/tribe_events"}],"about":[{"href":"https:\/\/thebrothers.de\/wp\/wp-json\/wp\/v2\/types\/tribe_events"}],"author":[{"embeddable":true,"href":"https:\/\/thebrothers.de\/wp\/wp-json\/wp\/v2\/users\/1"}],"replies":[{"embeddable":true,"href":"https:\/\/thebrothers.de\/wp\/wp-json\/wp\/v2\/comments?post=2284"}],"version-history":[{"count":4,"href":"https:\/\/thebrothers.de\/wp\/wp-json\/wp\/v2\/tribe_events\/2284\/revisions"}],"predecessor-version":[{"id":2295,"href":"https:\/\/thebrothers.de\/wp\/wp-json\/wp\/v2\/tribe_events\/2284\/revisions\/2295"}],"wp:featuredmedia":[{"embeddable":true,"href":"https:\/\/thebrothers.de\/wp\/wp-json\/wp\/v2\/media\/2292"}],"wp:attachment":[{"href":"https:\/\/thebrothers.de\/wp\/wp-json\/wp\/v2\/media?parent=2284"}],"wp:term":[{"taxonomy":"post_tag","embeddable":true,"href":"https:\/\/thebrothers.de\/wp\/wp-json\/wp\/v2\/tags?post=2284"},{"taxonomy":"tribe_events_cat","embeddable":true,"href":"https:\/\/thebrothers.de\/wp\/wp-json\/wp\/v2\/tribe_events_cat?post=2284"}],"curies":[{"name":"wp","href":"https:\/\/api.w.org\/{rel}","templated":true}]}}